{"id":575,"date":"2025-09-25T22:03:58","date_gmt":"2025-09-25T20:03:58","guid":{"rendered":"https:\/\/la-rab.net\/?page_id=575"},"modified":"2026-01-26T23:25:59","modified_gmt":"2026-01-26T22:25:59","slug":"la-rab-2026","status":"publish","type":"page","link":"https:\/\/la-rab.net\/index.php\/la-rab-2026\/","title":{"rendered":"La RAB 2026"},"content":{"rendered":"\n<h3 class=\"wp-block-heading\">Le Programme<\/h3>\n\n\n\n<h5 class=\"wp-block-heading\"><\/h5>\n\n\n\n<ul class=\"wp-block-list\">\n<li><strong>Lundi 26 Janvier <\/strong>\n<ul class=\"wp-block-list\">\n<li><mark style=\"background-color:#9DFF20\" class=\"has-inline-color\">Atelier Cuisine sans gluten<\/mark>\n<ul class=\"wp-block-list\">\n<li>Amenez vos l\u00e9gumes, et cuisinons ensemble un bon buffet sans gluten ! \u00e0 base de tartes et de beignets.<\/li>\n\n\n\n<li>Lieu : Familles rurales, Gare de Briouze<\/li>\n\n\n\n<li>Horaire : 15h &#8211; 19h<\/li>\n\n\n\n<li>R\u00e9f\u00e9rente : Fran\u00e7oise<\/li>\n<\/ul>\n<\/li>\n\n\n\n<li><mark style=\"background-color:#9DFF20\" class=\"has-inline-color\">Soir\u00e9e d&rsquo;ouverture<\/mark>\n<ul class=\"wp-block-list\">\n<li>Un moment convivial pour inaugurer les rencontres autour d&rsquo;un buffet sans gluten, n&rsquo;h\u00e9sitez pas \u00e0 apporter un encas ou une boisson pour compl\u00e9ter. L&rsquo;occasion de d\u00e9couvrir ensemble le programme, et de commencer \u00e0 \u00e9changer sur le futur du territoire !<\/li>\n\n\n\n<li>Lieu : Familles rurales, Gare de Briouze<\/li>\n\n\n\n<li>Horaire : 19h &#8211; 22h<\/li>\n\n\n\n<li>R\u00e9f\u00e9rent : William et Fran\u00e7oise<\/li>\n<\/ul>\n<\/li>\n<\/ul>\n<\/li>\n\n\n\n<li><strong>Mardi 27 janvier : Journ\u00e9e Energie<\/strong>\n<ul class=\"wp-block-list\">\n<li><mark style=\"background-color:#9DFF20\" class=\"has-inline-color\">Visite d&rsquo;une ferme : vers l&rsquo;autonomie \u00e9nerg\u00e9tique ?<\/mark>\n<ul class=\"wp-block-list\">\n<li>Visite d\u2019une ferme d\u2019\u00e9levage \u0153uvrant \u00e0 produire diverses formes d&rsquo;\u00e9nergie (conservation des mati\u00e8res organiques du sol, biom\u00e9thane, plaquettes de bois, etc). Echanges sur les ordres de grandeur de l&rsquo;\u00e9nergie dans le Bocage.<\/li>\n\n\n\n<li>Lieu : GAEC du Grand Val, Le Val, Athis-de-l&rsquo;Orne<\/li>\n\n\n\n<li>Horaire : 9h30-10h30<\/li>\n\n\n\n<li>R\u00e9f\u00e9rent.e.s : Gaspard, Louise, Nicolas<\/li>\n<\/ul>\n<\/li>\n\n\n\n<li><mark style=\"background-color:#9DFF20\" class=\"has-inline-color has-contrast-color\">Ballade sensible<\/mark>\n<ul class=\"wp-block-list\">\n<li>Ballade sensible dans des chemins creux. \u00c9changes sur les enjeux de pr\u00e9servation et valorisation des haies. Suivi d&rsquo;un repas sous forme d&rsquo;auberge espagnole, amenez quelque chose \u00e0 partager !<\/li>\n\n\n\n<li>Lieu : GAEC du Grand Val, Le Val, Athis-de-l&rsquo;Orne<\/li>\n\n\n\n<li>Horaire : 10h30 &#8211; 12h<\/li>\n\n\n\n<li>R\u00e9f\u00e9rent.e.s : Gaspard, Louise, Nicolas<\/li>\n\n\n\n<li><mark style=\"background-color:#9DFF20\" class=\"has-inline-color has-contrast-color\">D\u00e9jeuner partag\u00e9<\/mark>\n<ul class=\"wp-block-list\">\n<li>Repas sous forme d&rsquo;auberge espagnole, amenez quelque chose \u00e0 partager !<\/li>\n\n\n\n<li>Lieu : le bois de Flers, 325 rue d&rsquo;Athis<\/li>\n\n\n\n<li>Horaire : 12h &#8211; 13h30<\/li>\n\n\n\n<li>R\u00e9f\u00e9rent.e.s : Gaspard, Louise, Nicolas<\/li>\n<\/ul>\n<\/li>\n\n\n\n<li><mark style=\"background-color:#9DFF20\" class=\"has-inline-color has-contrast-color\">Lecture collective du \u00ab\u00a0Petit manuel de d\u00e9mocratie \u00e9nerg\u00e9tique\u00a0\u00bb<\/mark>\n<ul class=\"wp-block-list\">\n<li>Atelier de lecture et de discussion collective autour de l&rsquo;ouvrage \u00ab\u00a0Petit manuel de d\u00e9mocratie \u00e9nerg\u00e9tique\u00a0\u00bb, en pr\u00e9sence de diverses personnes ayant contribu\u00e9 au livre.<\/li>\n\n\n\n<li>Lieu : M\u00e9diath\u00e8que de Briouze<\/li>\n\n\n\n<li>Horaire : 14h-15h30<\/li>\n\n\n\n<li>R\u00e9f\u00e9rent.e.s : Gaspard, Louise, Nicolas<\/li>\n<\/ul>\n<\/li>\n\n\n\n<li><mark style=\"background-color:#9DFF20\" class=\"has-inline-color has-contrast-color\">Atelier d&rsquo;\u00e9criture : rituels et infrastructures \u00e9nerg\u00e9tiques<\/mark>\n<ul class=\"wp-block-list\">\n<li>Quels rituels (f\u00eates, p\u00e8lerinages, etc) aimerions nous mettre en \u0153uvre autour des infrastructures \u00e9nerg\u00e9tiques nous entourant : centrale hydro-\u00e9lectrique de Rabodanges, micro-unit\u00e9 de m\u00e9thanisation, panneaux solaires, lignes THT, etc. Venez \u00e9crire ensemble nos futurs rituels \u00e9nerg\u00e9tiques !<\/li>\n\n\n\n<li>Lieu : M\u00e9diath\u00e8que de Briouze<\/li>\n\n\n\n<li>Horaire : 15h30-17h30<\/li>\n\n\n\n<li>R\u00e9f\u00e9rent.e.s : Gaspard, Louise, Nicolas<\/li>\n<\/ul>\n<\/li>\n\n\n\n<li><mark style=\"background-color:#9DFF20\" class=\"has-inline-color has-contrast-color\">Le jeu de l&rsquo;entraide<\/mark>\n<ul class=\"wp-block-list\">\n<li>Le jeu de l&rsquo;entraide, un jeu de r\u00f4le s\u00e9rieux et dr\u00f4le pour se confronter par l&rsquo;imagination \u00e0 des situations auxquelles nous sommes peu pr\u00e9par\u00e9es. Suivi d&rsquo;un repas au Lidenbrock pour d\u00e9briefer ensemble !<\/li>\n\n\n\n<li>Sur r\u00e9servation : 06 74 44 92 77<\/li>\n\n\n\n<li>Lieu : M\u00e9diath\u00e8que de Briouze<\/li>\n\n\n\n<li>Horaire : 18h-20h30<\/li>\n\n\n\n<li>R\u00e9f\u00e9rente : Laure<\/li>\n<\/ul>\n<\/li>\n<\/ul>\n<\/li>\n<\/ul>\n<\/li>\n\n\n\n<li><strong>Mercredi 28 janvier<\/strong>\n<ul class=\"wp-block-list\">\n<li><mark style=\"background-color:#9DFF20\" class=\"has-inline-color\">Matin\u00e9e autour du v\u00e9lo <\/mark>\n<ul class=\"wp-block-list\">\n<li>R\u00e9flexions sur la place du v\u00e9lo dans le bocage de demain, design des v\u00e9los du futur, atelier r\u00e9paration\/entretien : une matin\u00e9e pour imaginer ensemble la mobilit\u00e9 du territoire !<\/li>\n\n\n\n<li>Lieu : Les Fourmis vertes, 3 bis rue de Fr\u00eanes, 61100 Landisacq<\/li>\n\n\n\n<li>Horaire : 9h30-12h<\/li>\n\n\n\n<li>R\u00e9f\u00e9rent : Maxime<\/li>\n<\/ul>\n<\/li>\n\n\n\n<li><mark style=\"background-color:#9DFF20\" class=\"has-inline-color has-contrast-color\">Atelier \u00e9criture anim\u00e9 par le Bocage Comedy Club<\/mark>\n<ul class=\"wp-block-list\">\n<li>\u00c9crire ! Une po\u00e9sie, une chanson, des blagues, une chor\u00e9, ou ce qui vous tente, sur le <strong>th\u00e8me de l&rsquo;\u00e9nergie (sous toutes ses formes \ud83d\ude09).<\/strong> L&rsquo;\u00e9nergie, dans le futur, dans le pass\u00e9, dans le bocage, ou ailleurs, mais toujours dans l&rsquo;esprit de la RAB. Et si vous le souhaitez, vous pourrez pr\u00e9senter votre (nos) cr\u00e9ations lors de la soir\u00e9e de cl\u00f4ture, dans la joie et la bonne humeur !<\/li>\n\n\n\n<li>Lieu : El Capitan, 45 Le Vieux Lavoir, 61100 Les Tourailles<\/li>\n\n\n\n<li>Horaire : 17h &#8211; 20h<\/li>\n\n\n\n<li>R\u00e9f\u00e9rent : Phil\u00e9as<\/li>\n<\/ul>\n<\/li>\n\n\n\n<li><mark style=\"background-color:#9DFF20\" class=\"has-inline-color has-contrast-color\">Atelier \u00ab\u00a0Les d\u00e9cisions du gouvernement provisoire du Bocage\u00a0\u00bb <\/mark>\n<ul class=\"wp-block-list\">\n<li>Un jeu de r\u00f4le (pas tout \u00e0 fait) s\u00e9rieux : vous avez \u00e9t\u00e9 nomm\u00e9 d\u00e9cideur au sein d&rsquo;un gouvernement provisoire du Bocage pour organiser les infrastructures et les services communs, et g\u00e9rer une situation de crise au sein du Bocage. Saurez-vous \u00eatre \u00e0 la hauteur ? Suivi d&rsquo;un repas partag\u00e9, amenez ce que vous voulez !<\/li>\n\n\n\n<li>Lieu : El Capitan, Les Tourailles<\/li>\n\n\n\n<li>Horaire : 18h30-20h30<\/li>\n\n\n\n<li>R\u00e9f\u00e9rent : Romain<\/li>\n<\/ul>\n<\/li>\n<\/ul>\n<\/li>\n\n\n\n<li><strong>Jeudi 29 janvier :<\/strong>\n<ul class=\"wp-block-list\">\n<li><mark style=\"background-color:#9DFF20\" class=\"has-inline-color\"><mark style=\"background-color:#9DFF20\" class=\"has-inline-color\">\u00ab\u00a0Pr\u00e99 Express\u00a0\u00bb : concours de stop<\/mark><\/mark>\n<ul class=\"wp-block-list\">\n<li>Votre mission si vous l&rsquo;accepter : venir en stop pour nous rejoindre \u00e0 l&rsquo;atelier \u00ab\u00a0Souvenir du futur : 0 d\u00e9chets en 25 ans\u00a0\u00bb, au P\u00f4le ESS. Munissez vous de vos plus belles pancartes et plus beaux sourires, on se retrouve l\u00e0-bas ! <\/li>\n\n\n\n<li>Lieux : \n<ul class=\"wp-block-list\">\n<li>d\u00e9part : les quatre coins du globe<\/li>\n\n\n\n<li>arriv\u00e9e : P\u00f4le ESS, rue du Pr\u00e9 Neuf, Saint-Georges-des-Groseillers<\/li>\n<\/ul>\n<\/li>\n\n\n\n<li>Horaires :\n<ul class=\"wp-block-list\">\n<li>d\u00e9part : pr\u00e9voyez de partir avec un peu d&rsquo;avance ! <\/li>\n\n\n\n<li>arriv\u00e9e : 15h45 (d\u00e9but de l&rsquo;atelier \u00e0 16h)<\/li>\n<\/ul>\n<\/li>\n\n\n\n<li>R\u00e9f\u00e9rente : Estelle<\/li>\n<\/ul>\n<\/li>\n\n\n\n<li><mark style=\"background-color:#9DFF20\" class=\"has-inline-color\">Atelier \u00ab\u00a0Souvenir du Futur : 0 d\u00e9chets en 25 ans\u00a0\u00bb<\/mark>\n<ul class=\"wp-block-list\">\n<li>Comment les habitants du coin en sont arriv\u00e9s l\u00e0 en si peu de temps ?<\/li>\n\n\n\n<li>Lieu : P\u00f4le ESS, rue du Pr\u00e9 Neuf, Saint-Georges-des-Groseillers<\/li>\n\n\n\n<li>Horaire : 16h \u00e0 18h<\/li>\n\n\n\n<li>R\u00e9f\u00e9rentes : Morgane, Estelle, Jasmine<\/li>\n<\/ul>\n<\/li>\n\n\n\n<li><mark style=\"background-color:rgba(0, 0, 0, 0)\" class=\"has-inline-color has-contrast-color\"><mark style=\"background-color:#9DFF20\" class=\"has-inline-color\">Atelier \u00e9criture anim\u00e9 par le Bocage Comedy Club<\/mark><\/mark>\n<ul class=\"wp-block-list\">\n<li>\u00c9crire ! Une po\u00e9sie, une chanson, des blagues, une chor\u00e9, ou ce qui vous tente, sur le <strong>th\u00e8me de l&rsquo;\u00e9nergie (sous toutes ses formes \ud83d\ude09).<\/strong> L&rsquo;\u00e9nergie, dans le futur, dans le pass\u00e9, dans le bocage, ou ailleurs, mais toujours dans l&rsquo;esprit de la RAB. Et si vous le souhaitez, vous pourrez pr\u00e9senter votre (nos) cr\u00e9ations lors de la soir\u00e9e de cl\u00f4ture, dans la joie et la bonne humeur !<\/li>\n\n\n\n<li>Lieu : El Capitan, 45 Le Vieux Lavoir, 61100 Les Tourailles<\/li>\n\n\n\n<li>Horaire : 17h &#8211; 20h<\/li>\n\n\n\n<li>R\u00e9f\u00e9rent : Phil\u00e9as<\/li>\n<\/ul>\n<\/li>\n\n\n\n<li><mark style=\"background-color:rgba(0, 0, 0, 0)\" class=\"has-inline-color has-contrast-color\"><mark style=\"background-color:#9DFF20\" class=\"has-inline-color\">Atelier mortel<\/mark><\/mark>\n<ul class=\"wp-block-list\">\n<li>Dans un futur tr\u00e8s proche, des citoyens se sont r\u00e9unis pour cr\u00e9er la premi\u00e8re Coop\u00e9rative Fun\u00e9raire du Bocage. L\u2019inauguration approche, mais on n\u2019a pas de nom, pas de statuts, pas de cercueil ! Tout est \u00e0 inventer, ensemble !<\/li>\n\n\n\n<li>Lieu : P\u00f4le ESS, rue du Pr\u00e9 Neuf, Saint-Georges-des-Groseillers<\/li>\n\n\n\n<li>Horaire : 18h30 &#8211; 21h<\/li>\n\n\n\n<li>R\u00e9f\u00e9rentes : Marion, Morgane, C\u00e9cile<\/li>\n<\/ul>\n<\/li>\n<\/ul>\n<\/li>\n\n\n\n<li><strong>Vendredi 30 janvier :<\/strong>\n<ul class=\"wp-block-list\">\n<li><mark style=\"background-color:#9DFF20\" class=\"has-inline-color\"><mark style=\"background-color:#9DFF20\" class=\"has-inline-color has-contrast-color\">R\u00e9flexions sur la mutualisation<\/mark><\/mark>\n<ul class=\"wp-block-list\">\n<li>Rencontrons-nous pour mettre en place les mutualisations du futur: outils, savoirs-faire, temps&#8230; c&rsquo;est en partageant que l&rsquo;on sera r\u00e9silients!<\/li>\n\n\n\n<li>Lieu : La Menuise, \u00e0 Br\u00e9el<\/li>\n\n\n\n<li>9h30 &#8211; 12h30<\/li>\n\n\n\n<li>R\u00e9f\u00e9rente : Astrid<\/li>\n<\/ul>\n<\/li>\n\n\n\n<li><mark style=\"background-color:#9DFF20\" class=\"has-inline-color\"><mark style=\"background-color:#9DFF20\" class=\"has-inline-color has-contrast-color\">Atelier \u00e9criture anim\u00e9 par le Bocage Comedy Club<\/mark><\/mark>\n<ul class=\"wp-block-list\">\n<li>\u00c9crire ! Une po\u00e9sie, une chanson, des blagues, une chor\u00e9, ou ce qui vous tente, sur le <strong>th\u00e8me de l&rsquo;\u00e9nergie (sous toutes ses formes \ud83d\ude09).<\/strong> L&rsquo;\u00e9nergie, dans le futur, dans le pass\u00e9, dans le bocage, ou ailleurs, mais toujours dans l&rsquo;esprit de la RAB. Et si vous le souhaitez, vous pourrez pr\u00e9senter votre (nos) cr\u00e9ations lors de la soir\u00e9e de cl\u00f4ture, dans la joie et la bonne humeur !<\/li>\n\n\n\n<li>Lieu : El Capitan, 45 Le Vieux Lavoir, 61100 Les Tourailles<\/li>\n\n\n\n<li>Horaire : 17h &#8211; 20h<\/li>\n\n\n\n<li>R\u00e9f\u00e9rent : Phil\u00e9as<\/li>\n<\/ul>\n<\/li>\n<\/ul>\n<\/li>\n\n\n\n<li><strong>Samedi 31 Janvier :<\/strong>\n<ul class=\"wp-block-list\">\n<li><mark style=\"background-color:#9DFF20\" class=\"has-inline-color\">Atelier patate et papote<\/mark>\n<ul class=\"wp-block-list\">\n<li>Venez papoter tout en pr\u00e9parant des frites \u00e0 d\u00e9guster ensembles le soir ! Toute aide pour installer\/d\u00e9corer la salle est \u00e9galement la bienvenue ! <\/li>\n\n\n\n<li>Lieu : Salle des f\u00eates, Sainte-Honorine-La-Guillaume<\/li>\n\n\n\n<li>Horaire : A partir de 14h<\/li>\n\n\n\n<li>R\u00e9f\u00e9rent.e.s : Bocage Comedy Club<\/li>\n<\/ul>\n<\/li>\n\n\n\n<li><mark><mark style=\"background-color:#9DFF20\" class=\"has-inline-color has-contrast-color\">Soir\u00e9e \u00ab\u00a0Sketch frites\u00a0\u00bb, anim\u00e9e par le Bocage Comedy Club<\/mark><\/mark>\n<ul class=\"wp-block-list\">\n<li>Frites et blagues croustillantes au menu ! Sc\u00e8ne ouverte et restitution des ateliers d&rsquo;\u00e9criture. <\/li>\n\n\n\n<li>Lieu : Salle des f\u00eates, Sainte-Honorine-La-Guillaume<\/li>\n\n\n\n<li>Horaire : 19h<\/li>\n\n\n\n<li>R\u00e9f\u00e9rent.e.s : Bocage Comedy Club<\/li>\n<\/ul>\n<\/li>\n<\/ul>\n<\/li>\n\n\n\n<li><strong>Dimanche 1 F\u00e9vrier : Journ\u00e9e \u00ab\u00a0Et si le bocage devenait une bior\u00e9gion ? Enqu\u00eater sur les d\u00e9fis et les atouts du territoire\u00a0\u00bb<\/strong>\n<ul class=\"wp-block-list\">\n<li><mark style=\"background-color:#9DFF20\" class=\"has-inline-color\">Le bocage : et si on reprenait tout \u00e0 z\u00e9ro ? <\/mark>\n<ul class=\"wp-block-list\">\n<li>Venez re-d\u00e9couvrir pourquoi le syst\u00e8me bocager, revisit\u00e9, peut am\u00e9liorer notre futur.&nbsp;Avec une approche sensible, une analyse de la modernit\u00e9 de ce syst\u00e8me au vu du contexte climatique et social, et les premiers \u00e9changes pour imaginer le futur.<\/li>\n\n\n\n<li>Sur r\u00e9servation : par sms au 06 77 88 72 73<\/li>\n\n\n\n<li>Lieu : Salle des f\u00eates, Sainte-Honorine-La-Guillaume<\/li>\n\n\n\n<li>Horaire : 9h30 (caf\u00e9 de bienvenue) &#8211; 12h15<\/li>\n\n\n\n<li>R\u00e9f\u00e9rent : Arnaud<\/li>\n<\/ul>\n<\/li>\n\n\n\n<li><mark style=\"background-color:#9DFF20\" class=\"has-inline-color\">D\u00e9jeuner bior\u00e9gional<\/mark>\n<ul class=\"wp-block-list\">\n<li>D\u00e9jeuner partag\u00e9, n&rsquo;h\u00e9sitez pas \u00e0 amener quelque chose !<\/li>\n\n\n\n<li>Lieu : Salle des f\u00eates, Sainte-Honorine-La-Guillaume<\/li>\n\n\n\n<li>Horaire : 12h &#8211; 14h<\/li>\n<\/ul>\n<\/li>\n<\/ul>\n<\/li>\n\n\n\n<li>\n<ul class=\"wp-block-list\">\n<li><mark style=\"background-color:#9DFF20\" class=\"has-inline-color\">Autour du bassin-versant de l&rsquo;Orne : r\u00e9cits d&rsquo;enqu\u00eates <\/mark>\n<ul class=\"wp-block-list\">\n<li>Nous aurons la chance de recevoir trois invit\u00e9es qui viendront nous pr\u00e9senter les enqu\u00eates qu&rsquo;elles ont men\u00e9es autour du bassin-versant de l&rsquo;Orne :\n<ul class=\"wp-block-list\">\n<li>Une \u00e9coute du podcast \u00ab\u00a0Divagations d&rsquo;Olina\u00a0\u00bb, avec No\u00eblie Pl\u00e9<\/li>\n\n\n\n<li>Une mise en r\u00e9cit de l&rsquo;enqu\u00eate \u00ab\u00a0Nous sommes Orne\u00a0\u00bb, par Elisabeth Taudi\u00e8re, de Territoires Pionniers<\/li>\n\n\n\n<li>Une pr\u00e9sentation de l\u00a0\u00bbAlmanach d&rsquo;Olina\u00a0\u00bb par Cl\u00e9mence Mathieu<\/li>\n<\/ul>\n<\/li>\n\n\n\n<li>Lieu : Salle des f\u00eates, Sainte-Honorine-La-Guillaume<\/li>\n\n\n\n<li>Horaire : 14h &#8211; 17h<\/li>\n\n\n\n<li>R\u00e9f\u00e9rent : William<\/li>\n\n\n\n<li><mark style=\"background-color:#9DFF20\" class=\"has-inline-color\">Et si on enqu\u00eatait dans le Bocage ?<\/mark>\n<ul class=\"wp-block-list\">\n<li>Pr\u00e9sentation d&rsquo;initiatives visant \u00e0 enqu\u00eater sur les enjeux de r\u00e9silience locale \u00e0 l&rsquo;\u00e9chelle du Bocage :\n<ul class=\"wp-block-list\">\n<li>Vers un groupe d&rsquo;enqu\u00eate bior\u00e9gional sur la r\u00e9silience du bocage ?<\/li>\n\n\n\n<li>Le projet \u00ab\u00a0Conversations quotidiennes\u00a0\u00bb du Labo de recherche-action du P\u00f4le Territorial de Coop\u00e9ration Economique<\/li>\n<\/ul>\n<\/li>\n\n\n\n<li>Salle des f\u00eates, Sainte-Honorine-La-Guillaume<\/li>\n\n\n\n<li>Horaire : 17h &#8211; 17h30<\/li>\n\n\n\n<li>R\u00e9f\u00e9rent : William, Tom<\/li>\n\n\n\n<li><mark style=\"background-color:#9DFF20\" class=\"has-inline-color\">Cloture des rencontres<\/mark>\n<ul class=\"wp-block-list\">\n<li>Retours sur les rencontres et perspectives futures<\/li>\n\n\n\n<li>Lieu : Salle des f\u00eates, Sainte-Honorine-La-Guillaume<\/li>\n\n\n\n<li>Horaire : 17h30-18h<\/li>\n\n\n\n<li>R\u00e9f\u00e9rent : William <\/li>\n<\/ul>\n<\/li>\n<\/ul>\n<\/li>\n<\/ul>\n<\/li>\n<\/ul>\n<\/li>\n<\/ul>\n\n\n\n<p><\/p>\n","protected":false},"excerpt":{"rendered":"<p>Le Programme<\/p>\n","protected":false},"author":1,"featured_media":0,"parent":0,"menu_order":0,"comment_status":"closed","ping_status":"closed","template":"","meta":{"footnotes":""},"class_list":["post-575","page","type-page","status-publish","hentry"],"_links":{"self":[{"href":"https:\/\/la-rab.net\/index.php\/wp-json\/wp\/v2\/pages\/575","targetHints":{"allow":["GET"]}}],"collection":[{"href":"https:\/\/la-rab.net\/index.php\/wp-json\/wp\/v2\/pages"}],"about":[{"href":"https:\/\/la-rab.net\/index.php\/wp-json\/wp\/v2\/types\/page"}],"author":[{"embeddable":true,"href":"https:\/\/la-rab.net\/index.php\/wp-json\/wp\/v2\/users\/1"}],"replies":[{"embeddable":true,"href":"https:\/\/la-rab.net\/index.php\/wp-json\/wp\/v2\/comments?post=575"}],"version-history":[{"count":19,"href":"https:\/\/la-rab.net\/index.php\/wp-json\/wp\/v2\/pages\/575\/revisions"}],"predecessor-version":[{"id":614,"href":"https:\/\/la-rab.net\/index.php\/wp-json\/wp\/v2\/pages\/575\/revisions\/614"}],"wp:attachment":[{"href":"https:\/\/la-rab.net\/index.php\/wp-json\/wp\/v2\/media?parent=575"}],"curies":[{"name":"wp","href":"https:\/\/api.w.org\/{rel}","templated":true}]}}