{"id":177,"date":"2023-10-02T11:56:54","date_gmt":"2023-10-02T09:56:54","guid":{"rendered":"https:\/\/la-rab.net\/?page_id=177"},"modified":"2024-02-01T14:54:51","modified_gmt":"2024-02-01T13:54:51","slug":"les-renontres-de-science-fiction-de-la-republique-autonome-du-bocage-2024","status":"publish","type":"page","link":"https:\/\/la-rab.net\/index.php\/les-renontres-de-science-fiction-de-la-republique-autonome-du-bocage-2024\/","title":{"rendered":"\u00c9dition 2024"},"content":{"rendered":"\n<h2 class=\"wp-block-heading\">Le programme du 22 au 28 Janvier 2024<\/h2>\n\n\n\n<p><a href=\"https:\/\/la-rab.net\/wp-content\/uploads\/2024\/01\/progRAB3.pdf\"><mark style=\"background-color:#345C00\" class=\"has-inline-color has-tertiary-color\">Programme en version <\/mark><\/a><mark style=\"background-color:#345C00\" class=\"has-inline-color has-tertiary-color\"><a href=\"https:\/\/la-rab.net\/wp-content\/uploads\/2024\/01\/Programme-RAB-imprimable-corrige.pdf\">imprimable<\/a><\/mark><\/p>\n\n\n\n<ul class=\"wp-block-list\">\n<li><strong>Lundi 22 Janvier \u00e0 la maison du Parc \u00e0 Saite-Honorine-la-Guillaume<\/strong>\n<ul class=\"wp-block-list\">\n<li><mark style=\"background-color:#9DFF20\" class=\"has-inline-color\">Espace bien-\u00eatre au village<\/mark>\n<ul class=\"wp-block-list\">\n<li> Shiatsu, massage sonore, naturopathie : quelle place pour les initiatives bien-\u00eatre au village ?<\/li>\n\n\n\n<li>Lieu : La maison du Parc \u00e0 Sainte-Honorine-la-Guillaume<\/li>\n\n\n\n<li>Horaire : 15h \u00e0 17h30<\/li>\n\n\n\n<li>R\u00e9f\u00e9rentes : S\u00e9gol\u00e8ne, Fran\u00e7oise et Simone<\/li>\n<\/ul>\n<\/li>\n\n\n\n<li><mark style=\"background-color:#9DFF20\" class=\"has-inline-color\">Ouverture officielle des rencontres SF de la RAB<\/mark>\n<ul class=\"wp-block-list\">\n<li>Venez vous hydrater pour c\u00e9l\u00e9brer l&rsquo;ouverture de cette troisi\u00e8me \u00e9dition avec une petite soupe au coin du feu. <\/li>\n\n\n\n<li>Lieu : La maison du Parc \u00e0 Sainte-Honorine-la-Guillaume<\/li>\n\n\n\n<li>Horaire : 18h<\/li>\n\n\n\n<li>R\u00e9f\u00e9rentes : S\u00e9gol\u00e8ne et Alice<\/li>\n<\/ul>\n<\/li>\n<\/ul>\n<\/li>\n\n\n\n<li><strong>Mardi 23 janvier<\/strong> \n<ul class=\"wp-block-list\">\n<li><mark style=\"background-color:#9DFF20\" class=\"has-inline-color has-contrast-color\">Les N\u00e9o-Cuma<\/mark>\n<ul class=\"wp-block-list\">\n<li>Rencontre entre agriculeurs et n\u00e9o-ruraux autour de la mutualisation de gros et de petits mat\u00e9riels. <\/li>\n\n\n\n<li>Lieu : La CUMA de la Foret Auvray<\/li>\n\n\n\n<li>Horaire : 10h \u00e0 12h<\/li>\n\n\n\n<li>R\u00e9f\u00e9rent : Firmin<\/li>\n<\/ul>\n<\/li>\n\n\n\n<li><mark style=\"background-color:#9DFF20\" class=\"has-inline-color has-contrast-color\">Prendre Soin dans le Monde de Demain, Aujourd\u2019hui<\/mark>\n<ul class=\"wp-block-list\">\n<li>Le \u201cPrendre soin\u201d pour tous, au service du collectif, un soin politique et militant. Causerie et proposition de r\u00e9daction d&rsquo;une charte.<\/li>\n\n\n\n<li>Lieu : El Capitan aux Tourailles<\/li>\n\n\n\n<li>Horaire : 15h \u00e0 18h<\/li>\n\n\n\n<li>R\u00e9f\u00e9rente : Lola<\/li>\n<\/ul>\n<\/li>\n\n\n\n<li><mark style=\"background-color:#9DFF20\" class=\"has-inline-color\">\u00ab\u00a0Bocage en Commun\u00a0\u00bb : ap\u00e9ro dinatoire pour imaginer une soir\u00e9e autour d&rsquo;histoires de Bocage<\/mark>\n<ul class=\"wp-block-list\">\n<li>Tom Guadagnin et Yves Madeline proposent de r\u00e9fl\u00e9chir \u00e0 l&rsquo;organisation d&rsquo;une soir\u00e9e retrospective et prospective racontant nos histoires de communs d&rsquo;hier et d&rsquo;aujourd&rsquo;hui Venez faire ricocher vos id\u00e9es autour d&rsquo;un ap\u00e9ro-dinatoire-partag\u00e9<\/li>\n\n\n\n<li>Lieu : El Capitan aux Tourailles<\/li>\n\n\n\n<li>Horaire : 19h<\/li>\n\n\n\n<li>R\u00e9f\u00e9rent : Tom<\/li>\n<\/ul>\n<\/li>\n<\/ul>\n<\/li>\n\n\n\n<li><strong>Mercredi 24 janvier<\/strong>\n<ul class=\"wp-block-list\">\n<li><mark style=\"background-color:#9DFF20\" class=\"has-inline-color\">La ressource bois<\/mark>\n<ul class=\"wp-block-list\">\n<li>Qu&rsquo;est ce qu&rsquo;ils ont fait en 2025 qui fait qu&rsquo;on a \u00e9vitez le pire aujourd&rsquo;hui ?<\/li>\n\n\n\n<li>Lieu : 128 Impasse du mage \u00e0 la Foret Auvray<\/li>\n\n\n\n<li>Horaire : 9h30 \u00e0 12h<\/li>\n\n\n\n<li>R\u00e9f\u00e9rente : Alice<\/li>\n<\/ul>\n<\/li>\n\n\n\n<li><mark style=\"background-color:#ffffff\" class=\"has-inline-color has-base-color\">\ud83c\udf72<\/mark><mark style=\"background-color:#345C00\" class=\"has-inline-color has-base-color\"> Repas partag\u00e9 \u00e0 l&rsquo;Impasse du mage<\/mark><\/li>\n\n\n\n<li><mark style=\"background-color:#9DFF20\" class=\"has-inline-color\">Fresque des nouveaux r\u00e9cits<\/mark>\n<ul class=\"wp-block-list\">\n<li>Exercice de projection locales, positives et collectives.<\/li>\n\n\n\n<li>Lieu : 128 Impasse du mage \u00e0 la Foret Auvray<\/li>\n\n\n\n<li>Horaire : 14h \u00e0 17h<\/li>\n\n\n\n<li>R\u00e9f\u00e9rente : Audrey<\/li>\n<\/ul>\n<\/li>\n\n\n\n<li><mark style=\"background-color:#9DFF20\" class=\"has-inline-color\">Atelier surprise<\/mark>\n<ul class=\"wp-block-list\">\n<li>&#8230;<\/li>\n<\/ul>\n<\/li>\n\n\n\n<li><mark style=\"background-color:#9DFF20\" class=\"has-inline-color\">Organisation des Bocages Unis<\/mark>\n<ul class=\"wp-block-list\">\n<li>R\u00e9daction d&rsquo;un manifeste pour l&rsquo;Organisation des Bocages Unis d&rsquo;inspiration bior\u00e9gionaliste. Ramenez un petit truc \u00e0 boir ou \u00e0 manger !<\/li>\n\n\n\n<li>Lieu : 128 Impasse du mage \u00e0 la Foret Auvray<\/li>\n\n\n\n<li>Horaire : 19h30<\/li>\n\n\n\n<li>R\u00e9f\u00e9rent : Marin<\/li>\n<\/ul>\n<\/li>\n<\/ul>\n<\/li>\n\n\n\n<li><strong>Jeudi 25 janvier :<\/strong>\n<ul class=\"wp-block-list\">\n<li><mark style=\"background-color:#9DFF20\" class=\"has-inline-color\"><mark style=\"background-color:#9DFF20\" class=\"has-inline-color\">R\u00e9nover nos ruines avec du chanvre !<\/mark><\/mark>\n<ul class=\"wp-block-list\">\n<li>Faut-il encore qu&rsquo;on puisse le faire.. Pr\u00e9sentation de la fili\u00e8re du chanvre en BTP et projections.<\/li>\n\n\n\n<li>Lieu : 128 Impasse du mage \u00e0 la Foret Auvray<\/li>\n\n\n\n<li>Horaire : 12h \u00e0 14h30<\/li>\n\n\n\n<li>R\u00e9f\u00e9rent : Anthony<\/li>\n<\/ul>\n<\/li>\n\n\n\n<li><mark style=\"background-color:#9DFF20\" class=\"has-inline-color\">Arpentage sur la propri\u00e9t\u00e9 priv\u00e9e<\/mark>\n<ul class=\"wp-block-list\">\n<li>Comment collectiviser la propri\u00e9t\u00e9 ? Lecture collective de textes.<\/li>\n\n\n\n<li>Lieu : 128 Impasse du mage \u00e0 la Foret Auvray<\/li>\n\n\n\n<li>Horaire : 15h \u00e0 17h<\/li>\n\n\n\n<li>R\u00e9f\u00e9rent : Gui<\/li>\n<\/ul>\n<\/li>\n\n\n\n<li><mark style=\"background-color:#ff4f21\" class=\"has-inline-color\">ANNUL\u00c9 : Politique friction \/ Puputsch !<\/mark> &#8211; <mark style=\"background-color:#9DFF20\" class=\"has-inline-color\">Mais on va quand m\u00eame improviser quelques chose sur le sujet du Putsch !<\/mark>\n<ul class=\"wp-block-list\">\n<li>Auto-d\u00e9clar\u00e9.e.s membres du nouveau gouvernement de la R\u00e9publique Autonome du Bocage, comment organiser le pouvoir ? Comment prendre les d\u00e9cisions ? Et surtout quelles sont nos premi\u00e8res mesures ?&nbsp;<s>En dialogue avec les travaux d\u00e9j\u00e0 men\u00e9s par les puputschistes du Bourg St L\u00e9onard.<\/s><\/li>\n\n\n\n<li><\/li>\n\n\n\n<li>Lieu : 128 Impasse du mage \u00e0 la Foret Auvray<\/li>\n\n\n\n<li>Horaire : 18h &#8211; 20h<\/li>\n\n\n\n<li>R\u00e9f\u00e9rent :<s> le C.R.O.U.T.E<\/s> les gens pr\u00e9sents<\/li>\n<\/ul>\n<\/li>\n<\/ul>\n<\/li>\n\n\n\n<li><strong>Vendredi 26 janvier :<\/strong>\n<ul class=\"wp-block-list\">\n<li><mark style=\"background-color:#9DFF20\" class=\"has-inline-color\">Les communes autonomes <\/mark>\n<ul class=\"wp-block-list\">\n<li>Comment parvenir \u00e0 une autonomie \u00e9nerg\u00e9tique, mat\u00e9rielle, \u00e9conomique et politique au sein de nos communes<\/li>\n\n\n\n<li>Lieu : 128 Impasse du mage \u00e0 la Foret Auvray<\/li>\n\n\n\n<li>Horaires : 10h \u00e0 12h<\/li>\n\n\n\n<li>R\u00e9f\u00e9rent : Guillaume<\/li>\n<\/ul>\n<\/li>\n\n\n\n<li><mark><mark style=\"background-color:#9DFF20\" class=\"has-inline-color\">0% fossile, 100% paysan<\/mark><\/mark>\n<ul class=\"wp-block-list\">\n<li>Peut-on se permettre de ne pas toustes devenir paysann.nes : le d\u00e9bat taboo<\/li>\n\n\n\n<li>Lieu : La maison du Parc \u00e0 Sainte-Honorine-la-Guillaume<\/li>\n\n\n\n<li>Horaire : 15h \u00e0 18h<\/li>\n\n\n\n<li>R\u00e9f\u00e9rent.e : Sylvain<\/li>\n<\/ul>\n<\/li>\n\n\n\n<li><mark style=\"background-color:#9DFF20\" class=\"has-inline-color\">Vivre en dictature verte<\/mark>\n<ul class=\"wp-block-list\">\n<li>Papote en \u00e9pluchant des frites<\/li>\n\n\n\n<li>Lieu : La maison du Parc \u00e0 Sainte-Honorine-la-Guillaume<\/li>\n\n\n\n<li>Horaire : 18h<\/li>\n\n\n\n<li>R\u00e9f\u00e9rent.e.s : JE et Karine<\/li>\n<\/ul>\n<\/li>\n\n\n\n<li><mark style=\"background-color:#9DFF20\" class=\"has-inline-color\">Soir\u00e9e Frite<\/mark>\n<ul class=\"wp-block-list\">\n<li>Le bar des Sonorines sera ouvert et accueillera notamment une jam session. Ramenez vos instruments !<\/li>\n\n\n\n<li>Lieu : La maison du Parc \u00e0 Sainte-Honorine-la-Guillaume<\/li>\n\n\n\n<li>Horaire : 19h jusqu&rsquo;au bout de la nuit  l<\/li>\n<\/ul>\n<\/li>\n<\/ul>\n<\/li>\n\n\n\n<li><strong>Samedi 27 janvier :<\/strong>\n<ul class=\"wp-block-list\">\n<li><mark style=\"background-color:#9DFF20\" class=\"has-inline-color\">Allez&#8230; Encore un petit transistor !<\/mark><mark style=\"background-color:#9DFF20\" class=\"has-inline-color\"><\/mark>\n<ul class=\"wp-block-list\">\n<li>Projections sur l&rsquo;avenir de l\u2019\u00e9lectronique suivis d&rsquo;un atelier pratique de r\u00e9paration.<\/li>\n\n\n\n<li>Lieu : El Capitan aux Tourailles<\/li>\n\n\n\n<li>Horaire : 9h30 \u00e0 12h<\/li>\n\n\n\n<li>R\u00e9f\u00e9rent : Bubuche<\/li>\n<\/ul>\n<\/li>\n\n\n\n<li><mark style=\"background-color:#ffffff\" class=\"has-inline-color has-base-color\">\ud83c\udf72<\/mark><mark style=\"background-color:#345C00\" class=\"has-inline-color has-base-color\"> Repas partag\u00e9 \u00e0 El Capitan aux Tourailles<\/mark><\/li>\n\n\n\n<li><mark><mark style=\"background-color:#9DFF20\" class=\"has-inline-color\">Bocage et paturage<\/mark><\/mark>\n<ul class=\"wp-block-list\">\n<li>Avec ou sans \u00e9levage, a quoi ressemblera notre bocage ?<\/li>\n\n\n\n<li><mark style=\"background-color:#345C00\" class=\"has-inline-color has-primary-color\">Lieu : El Capitan aux Tourailles<\/mark><\/li>\n\n\n\n<li>Horaire : 16h \u00e0 18h<\/li>\n\n\n\n<li>R\u00e9f\u00e9rente : Cl\u00e9mentine<\/li>\n<\/ul>\n<\/li>\n\n\n\n<li><\/li>\n\n\n\n<li><mark style=\"background-color:#9DFF20\" class=\"has-inline-color\">Concours de Stop UP<\/mark>\n<ul class=\"wp-block-list\">\n<li>Le concours d&rsquo;entreprise de la d\u00e9croissance exponentielle. Venez avec ou sans id\u00e9e ! Ramenez un petit truc \u00e0 boire ou \u00e0 manger !<\/li>\n\n\n\n<li>Lieu : El Capitan aux Tourailles<\/li>\n\n\n\n<li>Horaire : 18h \u00e0 21h<\/li>\n\n\n\n<li>R\u00e9f\u00e9rentes : H\u00e9l\u00e8ne et Estelle<mark style=\"background-color:#9DFF20\" class=\"has-inline-color\"><\/mark><\/li>\n<\/ul>\n<\/li>\n<\/ul>\n<\/li>\n\n\n\n<li><strong>Dimanche 28 janvier :<\/strong>\n<ul class=\"wp-block-list\">\n<li><mark style=\"background-color:#9DFF20\" class=\"has-inline-color\">Nouveaux calendriers et nouveaux rituels<\/mark> \n<ul class=\"wp-block-list\">\n<li>D&rsquo;un calendrier subit \u00e0 un calendrier choisi<\/li>\n\n\n\n<li>Lieu : 128 Impasse du mage \u00e0 la Foret Auvray<\/li>\n\n\n\n<li>Horaire : 10h \u00e0 12h<\/li>\n\n\n\n<li>R\u00e9f\u00e9rentes : Nina et Estelle<\/li>\n<\/ul>\n<\/li>\n\n\n\n<li>\ud83c\udf72 <mark style=\"background-color:#345C00\" class=\"has-inline-color has-base-color\">Repas partag\u00e9<strong> <\/strong>\u00e0 l&rsquo;impasse du mage<\/mark><\/li>\n\n\n\n<li><mark style=\"background-color:#9DFF20\" class=\"has-inline-color\"><mark style=\"background-color:#9DFF20\" class=\"has-inline-color\">Vers l&rsquo;infini et la RAB#4<\/mark> <\/mark>\n<ul class=\"wp-block-list\">\n<li>Retours sur les rencontres, d\u00e9cisions structurantes pour la RAB #4 autour d&rsquo;une petite tisane.<\/li>\n\n\n\n<li>Lieu : 128 Impasse du mage \u00e0 la Foret Auvray<\/li>\n\n\n\n<li>Horaire : 13h30 \u00e0 14h30<\/li>\n\n\n\n<li>R\u00e9f\u00e9rente : Alice<\/li>\n<\/ul>\n<\/li>\n\n\n\n<li><mark style=\"background-color:#ff3021\" class=\"has-inline-color\">ANNUL\u00c9 : Balade botanique<\/mark>\n<ul class=\"wp-block-list\">\n<li>D\u00e9part \u00e0 l&rsquo;impasse du mage<\/li>\n\n\n\n<li>Horaire : de 14h30 \u00e0 15h30<\/li>\n\n\n\n<li>R\u00e9f\u00e9rente : Coco R<\/li>\n<\/ul>\n<\/li>\n<\/ul>\n<\/li>\n<\/ul>\n\n\n\n<p>Notez que ce programme n&rsquo;est pas exhaustif. Des ateliers peuvent avoir lieu de fa\u00e7on priv\u00e9e.<\/p>\n\n\n\n<p>\ud83c\udf7c Chers parents, si vous avez besoin d&rsquo;un coup de main pour de la garde d&rsquo;enfant pour pouvoir participer n&rsquo;h\u00e9sitez pas \u00e0 nous contacter ! On essayera de s&rsquo;organiser !<\/p>\n\n\n\n<p>*<mark style=\"background-color:#9DFF20\" class=\"has-inline-color\">Atelier surprise<\/mark> : Cela signifie qu&rsquo;il reste de la place pour les motivations\/id\u00e9es\/initiatives de derni\u00e8re minute. Pour faire une proposition, envoyez un mail \u00e0 <mark style=\"background-color:#345C00\" class=\"has-inline-color has-tertiary-color\">vive[a]la-rab.net<\/mark><\/p>\n\n\n\n<div class=\"wp-block-buttons is-content-justification-center is-layout-flex wp-container-core-buttons-is-layout-a89b3969 wp-block-buttons-is-layout-flex\">\n<div class=\"wp-block-button\"><a class=\"wp-block-button__link wp-element-button\" href=\"mailto:vive@la-rab.net?subject=Question%20\u00e0%20propos%20de%20la%20RAB\">vive[at]la-rab.net<\/a><\/div>\n<\/div>\n\n\n\n<div class=\"wp-block-query has-global-padding is-content-justification-center is-layout-constrained wp-block-query-is-layout-constrained\"><ul class=\"wp-block-post-template is-layout-flow wp-block-post-template-is-layout-flow\"><li class=\"wp-block-post post-377 post type-post status-publish format-standard has-post-thumbnail hentry category-rab-2024 tag-retours\">\n\n<div class=\"wp-block-columns alignwide is-layout-flex wp-container-core-columns-is-layout-cc5f43ef wp-block-columns-is-layout-flex\" style=\"border-style:none;border-width:0px;padding-top:0;padding-bottom:0\">\n<div class=\"wp-block-column is-layout-flow wp-block-column-is-layout-flow\" style=\"flex-basis:56.05%\"><figure style=\"aspect-ratio:1;\" class=\"wp-block-post-featured-image\"><a href=\"https:\/\/la-rab.net\/index.php\/2024\/02\/20\/organisation-des-bocages-unis-obu\/\" target=\"_self\"  ><img loading=\"lazy\" decoding=\"async\" width=\"640\" height=\"427\" src=\"https:\/\/la-rab.net\/wp-content\/uploads\/2024\/02\/nicolas-brulois-xltVgeRqt_0-unsplash.jpg\" class=\"attachment-post-thumbnail size-post-thumbnail wp-post-image\" alt=\"ORGANISATION DES BOCAGES UNIS (OBU)\" style=\"width:100%;height:100%;object-fit:cover;\" srcset=\"https:\/\/la-rab.net\/wp-content\/uploads\/2024\/02\/nicolas-brulois-xltVgeRqt_0-unsplash.jpg 640w, https:\/\/la-rab.net\/wp-content\/uploads\/2024\/02\/nicolas-brulois-xltVgeRqt_0-unsplash-300x200.jpg 300w\" sizes=\"auto, (max-width: 640px) 100vw, 640px\" \/><\/a><\/figure><\/div>\n\n\n\n<div class=\"wp-block-column is-layout-flow wp-block-column-is-layout-flow\" style=\"flex-basis:43.95%\"><h2 class=\"wp-block-post-title has-large-font-size\"><a href=\"https:\/\/la-rab.net\/index.php\/2024\/02\/20\/organisation-des-bocages-unis-obu\/\" target=\"_self\" >ORGANISATION DES BOCAGES UNIS (OBU)<\/a><\/h2>\n\n<div class=\"wp-block-post-excerpt\"><p class=\"wp-block-post-excerpt__excerpt\">Une charte fondatrice Nous, peuples des bocages du bassin-versant de l\u2019Orne, En vue de former des communaut\u00e9s bocag\u00e8res en meilleure sant\u00e9, plus heureuses et plus \u00e9mancip\u00e9es, au sein desquelles tou\u00b7tes les humains et non-humains\u2026<\/p><p class=\"wp-block-post-excerpt__more-text\"><a class=\"wp-block-post-excerpt__more-link\" href=\"https:\/\/la-rab.net\/index.php\/2024\/02\/20\/organisation-des-bocages-unis-obu\/\">Lire la suite<\/a><\/p><\/div><\/div>\n<\/div>\n\n<\/li><li class=\"wp-block-post post-368 post type-post status-publish format-standard has-post-thumbnail hentry category-rab-2024 tag-presse\">\n\n<div class=\"wp-block-columns alignwide is-layout-flex wp-container-core-columns-is-layout-cc5f43ef wp-block-columns-is-layout-flex\" style=\"border-style:none;border-width:0px;padding-top:0;padding-bottom:0\">\n<div class=\"wp-block-column is-layout-flow wp-block-column-is-layout-flow\" style=\"flex-basis:56.05%\"><figure style=\"aspect-ratio:1;\" class=\"wp-block-post-featured-image\"><a href=\"https:\/\/la-rab.net\/index.php\/2024\/02\/11\/dans-lorne-a-quoi-ressemblera-le-bocage-en-2050-des-chiffres-alarmants\/\" target=\"_self\"  ><img loading=\"lazy\" decoding=\"async\" width=\"801\" height=\"506\" src=\"https:\/\/la-rab.net\/wp-content\/uploads\/2024\/02\/Capture-decran-du-2024-02-11-13-56-48.png\" class=\"attachment-post-thumbnail size-post-thumbnail wp-post-image\" alt=\"Dans l&rsquo;Orne, \u00e0 quoi ressemblera le bocage en 2050 ? Des chiffres alarmants\" style=\"width:100%;height:100%;object-fit:cover;\" srcset=\"https:\/\/la-rab.net\/wp-content\/uploads\/2024\/02\/Capture-decran-du-2024-02-11-13-56-48.png 801w, https:\/\/la-rab.net\/wp-content\/uploads\/2024\/02\/Capture-decran-du-2024-02-11-13-56-48-300x190.png 300w, https:\/\/la-rab.net\/wp-content\/uploads\/2024\/02\/Capture-decran-du-2024-02-11-13-56-48-768x485.png 768w\" sizes=\"auto, (max-width: 801px) 100vw, 801px\" \/><\/a><\/figure><\/div>\n\n\n\n<div class=\"wp-block-column is-layout-flow wp-block-column-is-layout-flow\" style=\"flex-basis:43.95%\"><h2 class=\"wp-block-post-title has-large-font-size\"><a href=\"https:\/\/la-rab.net\/index.php\/2024\/02\/11\/dans-lorne-a-quoi-ressemblera-le-bocage-en-2050-des-chiffres-alarmants\/\" target=\"_self\" >Dans l&rsquo;Orne, \u00e0 quoi ressemblera le bocage en 2050 ? Des chiffres alarmants<\/a><\/h2>\n\n<div class=\"wp-block-post-excerpt\"><p class=\"wp-block-post-excerpt__excerpt\">\u00c0 quoi ressemblera le bocage en 2050 ? Un \u00e9change s&rsquo;est tenu aux Tourailles (Orne) sur le futur du territoire avec agriculteurs, acteurs du monde agricole et simples habitants du bocage. \u00a9Illustration Le Journal\u2026<\/p><p class=\"wp-block-post-excerpt__more-text\"><a class=\"wp-block-post-excerpt__more-link\" href=\"https:\/\/la-rab.net\/index.php\/2024\/02\/11\/dans-lorne-a-quoi-ressemblera-le-bocage-en-2050-des-chiffres-alarmants\/\">Lire la suite<\/a><\/p><\/div><\/div>\n<\/div>\n\n<\/li><li class=\"wp-block-post post-363 post type-post status-publish format-standard has-post-thumbnail hentry category-rab-2024 tag-retours\">\n\n<div class=\"wp-block-columns alignwide is-layout-flex wp-container-core-columns-is-layout-cc5f43ef wp-block-columns-is-layout-flex\" style=\"border-style:none;border-width:0px;padding-top:0;padding-bottom:0\">\n<div class=\"wp-block-column is-layout-flow wp-block-column-is-layout-flow\" style=\"flex-basis:56.05%\"><figure style=\"aspect-ratio:1;\" class=\"wp-block-post-featured-image\"><a href=\"https:\/\/la-rab.net\/index.php\/2024\/02\/10\/encore-un-petit-transistor\/\" target=\"_self\"  ><img loading=\"lazy\" decoding=\"async\" width=\"640\" height=\"360\" src=\"https:\/\/la-rab.net\/wp-content\/uploads\/2024\/02\/robin-glauser-aSvBypuXGkc-unsplash.jpg\" class=\"attachment-post-thumbnail size-post-thumbnail wp-post-image\" alt=\"Encore un petit transistor\" style=\"width:100%;height:100%;object-fit:cover;\" srcset=\"https:\/\/la-rab.net\/wp-content\/uploads\/2024\/02\/robin-glauser-aSvBypuXGkc-unsplash.jpg 640w, https:\/\/la-rab.net\/wp-content\/uploads\/2024\/02\/robin-glauser-aSvBypuXGkc-unsplash-300x169.jpg 300w\" sizes=\"auto, (max-width: 640px) 100vw, 640px\" \/><\/a><\/figure><\/div>\n\n\n\n<div class=\"wp-block-column is-layout-flow wp-block-column-is-layout-flow\" style=\"flex-basis:43.95%\"><h2 class=\"wp-block-post-title has-large-font-size\"><a href=\"https:\/\/la-rab.net\/index.php\/2024\/02\/10\/encore-un-petit-transistor\/\" target=\"_self\" >Encore un petit transistor<\/a><\/h2>\n\n<div class=\"wp-block-post-excerpt\"><p class=\"wp-block-post-excerpt__excerpt\">Samedi 27 Janvier 2024 \u00e0 10h dans le salon d&rsquo;El capitan C&rsquo;\u00e9tait un atelier ultra passionnant. Vraiment, un atelier coup de coeur ! Mais Alice a perdu les notes.. Peut \u00eatre les retrouvera-t-elle un\u2026<\/p><p class=\"wp-block-post-excerpt__more-text\"><a class=\"wp-block-post-excerpt__more-link\" href=\"https:\/\/la-rab.net\/index.php\/2024\/02\/10\/encore-un-petit-transistor\/\">Lire la suite<\/a><\/p><\/div><\/div>\n<\/div>\n\n<\/li><li class=\"wp-block-post post-357 post type-post status-publish format-standard has-post-thumbnail hentry category-rab-2024 tag-retours\">\n\n<div class=\"wp-block-columns alignwide is-layout-flex wp-container-core-columns-is-layout-cc5f43ef wp-block-columns-is-layout-flex\" style=\"border-style:none;border-width:0px;padding-top:0;padding-bottom:0\">\n<div class=\"wp-block-column is-layout-flow wp-block-column-is-layout-flow\" style=\"flex-basis:56.05%\"><figure style=\"aspect-ratio:1;\" class=\"wp-block-post-featured-image\"><a href=\"https:\/\/la-rab.net\/index.php\/2024\/02\/06\/0-fossile-100-paysan\/\" target=\"_self\"  ><img loading=\"lazy\" decoding=\"async\" width=\"640\" height=\"960\" src=\"https:\/\/la-rab.net\/wp-content\/uploads\/2024\/02\/rob-wingate-wjpFLHodpus-unsplash1.jpg\" class=\"attachment-post-thumbnail size-post-thumbnail wp-post-image\" alt=\"0% fossile, 100% paysan\" style=\"width:100%;height:100%;object-fit:cover;\" srcset=\"https:\/\/la-rab.net\/wp-content\/uploads\/2024\/02\/rob-wingate-wjpFLHodpus-unsplash1.jpg 640w, https:\/\/la-rab.net\/wp-content\/uploads\/2024\/02\/rob-wingate-wjpFLHodpus-unsplash1-200x300.jpg 200w\" sizes=\"auto, (max-width: 640px) 100vw, 640px\" \/><\/a><\/figure><\/div>\n\n\n\n<div class=\"wp-block-column is-layout-flow wp-block-column-is-layout-flow\" style=\"flex-basis:43.95%\"><h2 class=\"wp-block-post-title has-large-font-size\"><a href=\"https:\/\/la-rab.net\/index.php\/2024\/02\/06\/0-fossile-100-paysan\/\" target=\"_self\" >0% fossile, 100% paysan<\/a><\/h2>\n\n<div class=\"wp-block-post-excerpt\"><p class=\"wp-block-post-excerpt__excerpt\">Peut-on se permettre de ne pas toustes devenir paysann.nes ? Partage de constats sur les limites plan\u00e9taires et projections. Lien vers l&rsquo;engistrement<\/p><p class=\"wp-block-post-excerpt__more-text\"><a class=\"wp-block-post-excerpt__more-link\" href=\"https:\/\/la-rab.net\/index.php\/2024\/02\/06\/0-fossile-100-paysan\/\">Lire la suite<\/a><\/p><\/div><\/div>\n<\/div>\n\n<\/li><li class=\"wp-block-post post-353 post type-post status-publish format-standard has-post-thumbnail hentry category-rab-2024 tag-retours\">\n\n<div class=\"wp-block-columns alignwide is-layout-flex wp-container-core-columns-is-layout-cc5f43ef wp-block-columns-is-layout-flex\" style=\"border-style:none;border-width:0px;padding-top:0;padding-bottom:0\">\n<div class=\"wp-block-column is-layout-flow wp-block-column-is-layout-flow\" style=\"flex-basis:56.05%\"><figure style=\"aspect-ratio:1;\" class=\"wp-block-post-featured-image\"><a href=\"https:\/\/la-rab.net\/index.php\/2024\/02\/01\/arpentage-sur-la-propriete-prive\/\" target=\"_self\"  ><img loading=\"lazy\" decoding=\"async\" width=\"720\" height=\"1280\" src=\"https:\/\/la-rab.net\/wp-content\/uploads\/2024\/02\/20240125_173116-1-rotated.jpg\" class=\"attachment-post-thumbnail size-post-thumbnail wp-post-image\" alt=\"Arpentage sur la propri\u00e9t\u00e9 priv\u00e9\" style=\"width:100%;height:100%;object-fit:cover;\" srcset=\"https:\/\/la-rab.net\/wp-content\/uploads\/2024\/02\/20240125_173116-1-rotated.jpg 720w, https:\/\/la-rab.net\/wp-content\/uploads\/2024\/02\/20240125_173116-1-169x300.jpg 169w, https:\/\/la-rab.net\/wp-content\/uploads\/2024\/02\/20240125_173116-1-576x1024.jpg 576w\" sizes=\"auto, (max-width: 720px) 100vw, 720px\" \/><\/a><\/figure><\/div>\n\n\n\n<div class=\"wp-block-column is-layout-flow wp-block-column-is-layout-flow\" style=\"flex-basis:43.95%\"><h2 class=\"wp-block-post-title has-large-font-size\"><a href=\"https:\/\/la-rab.net\/index.php\/2024\/02\/01\/arpentage-sur-la-propriete-prive\/\" target=\"_self\" >Arpentage sur la propri\u00e9t\u00e9 priv\u00e9<\/a><\/h2>\n\n<div class=\"wp-block-post-excerpt\"><p class=\"wp-block-post-excerpt__excerpt\">L&rsquo;arpentage n&rsquo;est pas un simple atelier de lecture !Issu du mouvement populaire de r\u00e9sistance ouvri\u00e8re, c&rsquo;est un outil pour se r\u00e9approprier du savoir dit \u00ab froid \u00bb, ou th\u00e9orique, mais aussi pour prendre conscience\u2026<\/p><p class=\"wp-block-post-excerpt__more-text\"><a class=\"wp-block-post-excerpt__more-link\" href=\"https:\/\/la-rab.net\/index.php\/2024\/02\/01\/arpentage-sur-la-propriete-prive\/\">Lire la suite<\/a><\/p><\/div><\/div>\n<\/div>\n\n<\/li><li class=\"wp-block-post post-347 post type-post status-publish format-standard has-post-thumbnail hentry category-rab-2024 tag-retours\">\n\n<div class=\"wp-block-columns alignwide is-layout-flex wp-container-core-columns-is-layout-cc5f43ef wp-block-columns-is-layout-flex\" style=\"border-style:none;border-width:0px;padding-top:0;padding-bottom:0\">\n<div class=\"wp-block-column is-layout-flow wp-block-column-is-layout-flow\" style=\"flex-basis:56.05%\"><figure style=\"aspect-ratio:1;\" class=\"wp-block-post-featured-image\"><a href=\"https:\/\/la-rab.net\/index.php\/2024\/02\/01\/renover-nos-ruines-avec-du-chanvre\/\" target=\"_self\"  ><img loading=\"lazy\" decoding=\"async\" width=\"484\" height=\"640\" src=\"https:\/\/la-rab.net\/wp-content\/uploads\/2024\/02\/cannabis-2028244_640.png\" class=\"attachment-post-thumbnail size-post-thumbnail wp-post-image\" alt=\"R\u00e9nover nos ruines avec du chanvre !\" style=\"width:100%;height:100%;object-fit:cover;\" srcset=\"https:\/\/la-rab.net\/wp-content\/uploads\/2024\/02\/cannabis-2028244_640.png 484w, https:\/\/la-rab.net\/wp-content\/uploads\/2024\/02\/cannabis-2028244_640-227x300.png 227w\" sizes=\"auto, (max-width: 484px) 100vw, 484px\" \/><\/a><\/figure><\/div>\n\n\n\n<div class=\"wp-block-column is-layout-flow wp-block-column-is-layout-flow\" style=\"flex-basis:43.95%\"><h2 class=\"wp-block-post-title has-large-font-size\"><a href=\"https:\/\/la-rab.net\/index.php\/2024\/02\/01\/renover-nos-ruines-avec-du-chanvre\/\" target=\"_self\" >R\u00e9nover nos ruines avec du chanvre !<\/a><\/h2>\n\n<div class=\"wp-block-post-excerpt\"><p class=\"wp-block-post-excerpt__excerpt\">25\/01\/24, 12h \u00e0 l&rsquo;impasse du mage \u00e0 la Foret Auvray A la base, l&rsquo;atelier devait porter sur le chanvre et les ruines. l&rsquo;association des deux sujets \u00e9tant une invitation \u00e0 r\u00e9fl\u00e9chir \u00e0 une solution\u2026<\/p><p class=\"wp-block-post-excerpt__more-text\"><a class=\"wp-block-post-excerpt__more-link\" href=\"https:\/\/la-rab.net\/index.php\/2024\/02\/01\/renover-nos-ruines-avec-du-chanvre\/\">Lire la suite<\/a><\/p><\/div><\/div>\n<\/div>\n\n<\/li><li class=\"wp-block-post post-340 post type-post status-publish format-standard has-post-thumbnail hentry category-rab-2024 tag-retours\">\n\n<div class=\"wp-block-columns alignwide is-layout-flex wp-container-core-columns-is-layout-cc5f43ef wp-block-columns-is-layout-flex\" style=\"border-style:none;border-width:0px;padding-top:0;padding-bottom:0\">\n<div class=\"wp-block-column is-layout-flow wp-block-column-is-layout-flow\" style=\"flex-basis:56.05%\"><figure style=\"aspect-ratio:1;\" class=\"wp-block-post-featured-image\"><a href=\"https:\/\/la-rab.net\/index.php\/2024\/02\/01\/fresque-des-nouveaux-recits\/\" target=\"_self\"  ><img loading=\"lazy\" decoding=\"async\" width=\"2048\" height=\"969\" src=\"https:\/\/la-rab.net\/wp-content\/uploads\/2024\/02\/signal-2024-01-24-210815_002.jpeg\" class=\"attachment-post-thumbnail size-post-thumbnail wp-post-image\" alt=\"Fresque des nouveaux r\u00e9cits\" style=\"width:100%;height:100%;object-fit:cover;\" srcset=\"https:\/\/la-rab.net\/wp-content\/uploads\/2024\/02\/signal-2024-01-24-210815_002.jpeg 2048w, https:\/\/la-rab.net\/wp-content\/uploads\/2024\/02\/signal-2024-01-24-210815_002-300x142.jpeg 300w, https:\/\/la-rab.net\/wp-content\/uploads\/2024\/02\/signal-2024-01-24-210815_002-1024x485.jpeg 1024w, https:\/\/la-rab.net\/wp-content\/uploads\/2024\/02\/signal-2024-01-24-210815_002-768x363.jpeg 768w, https:\/\/la-rab.net\/wp-content\/uploads\/2024\/02\/signal-2024-01-24-210815_002-1536x727.jpeg 1536w\" sizes=\"auto, (max-width: 2048px) 100vw, 2048px\" \/><\/a><\/figure><\/div>\n\n\n\n<div class=\"wp-block-column is-layout-flow wp-block-column-is-layout-flow\" style=\"flex-basis:43.95%\"><h2 class=\"wp-block-post-title has-large-font-size\"><a href=\"https:\/\/la-rab.net\/index.php\/2024\/02\/01\/fresque-des-nouveaux-recits\/\" target=\"_self\" >Fresque des nouveaux r\u00e9cits<\/a><\/h2>\n\n<div class=\"wp-block-post-excerpt\"><p class=\"wp-block-post-excerpt__excerpt\">24\/01\/24 \u00e0 14h Des r\u00e9cits de pique-prune, de m\u00e9sange, d&rsquo;arbre et de brise.Une intervention de l&rsquo;association \u00ab\u00a0Les intellos ne sont pas tous des salauds\u00a0\u00bb et autres joyeux \u00e9garements du \u00ab\u00a0peuple du granit\u00a0\u00bb. Lien vers\u2026<\/p><p class=\"wp-block-post-excerpt__more-text\"><a class=\"wp-block-post-excerpt__more-link\" href=\"https:\/\/la-rab.net\/index.php\/2024\/02\/01\/fresque-des-nouveaux-recits\/\">Lire la suite<\/a><\/p><\/div><\/div>\n<\/div>\n\n<\/li><li class=\"wp-block-post post-334 post type-post status-publish format-standard has-post-thumbnail hentry category-rab-2024 tag-retours\">\n\n<div class=\"wp-block-columns alignwide is-layout-flex wp-container-core-columns-is-layout-cc5f43ef wp-block-columns-is-layout-flex\" style=\"border-style:none;border-width:0px;padding-top:0;padding-bottom:0\">\n<div class=\"wp-block-column is-layout-flow wp-block-column-is-layout-flow\" style=\"flex-basis:56.05%\"><figure style=\"aspect-ratio:1;\" class=\"wp-block-post-featured-image\"><a href=\"https:\/\/la-rab.net\/index.php\/2024\/02\/01\/les-neo-cuma\/\" target=\"_self\"  ><img loading=\"lazy\" decoding=\"async\" width=\"1280\" height=\"720\" src=\"https:\/\/la-rab.net\/wp-content\/uploads\/2024\/02\/20240123_110457.jpg\" class=\"attachment-post-thumbnail size-post-thumbnail wp-post-image\" alt=\"Les N\u00e9o-Cuma\" style=\"width:100%;height:100%;object-fit:cover;\" srcset=\"https:\/\/la-rab.net\/wp-content\/uploads\/2024\/02\/20240123_110457.jpg 1280w, https:\/\/la-rab.net\/wp-content\/uploads\/2024\/02\/20240123_110457-300x169.jpg 300w, https:\/\/la-rab.net\/wp-content\/uploads\/2024\/02\/20240123_110457-1024x576.jpg 1024w, https:\/\/la-rab.net\/wp-content\/uploads\/2024\/02\/20240123_110457-768x432.jpg 768w\" sizes=\"auto, (max-width: 1280px) 100vw, 1280px\" \/><\/a><\/figure><\/div>\n\n\n\n<div class=\"wp-block-column is-layout-flow wp-block-column-is-layout-flow\" style=\"flex-basis:43.95%\"><h2 class=\"wp-block-post-title has-large-font-size\"><a href=\"https:\/\/la-rab.net\/index.php\/2024\/02\/01\/les-neo-cuma\/\" target=\"_self\" >Les N\u00e9o-Cuma<\/a><\/h2>\n\n<div class=\"wp-block-post-excerpt\"><p class=\"wp-block-post-excerpt__excerpt\">Le 23\/01\/24 \u00e0 10h \u00e0 la Cuma de la foret auvray Rencontre entre agriculeurs et n\u00e9o-ruraux autour de la mutualisation de gros et de petits mat\u00e9riels. Les CUMAs sont r\u00e9serv\u00e9es aux agriculteurs, le particulier\u2026<\/p><p class=\"wp-block-post-excerpt__more-text\"><a class=\"wp-block-post-excerpt__more-link\" href=\"https:\/\/la-rab.net\/index.php\/2024\/02\/01\/les-neo-cuma\/\">Lire la suite<\/a><\/p><\/div><\/div>\n<\/div>\n\n<\/li><li class=\"wp-block-post post-325 post type-post status-publish format-standard has-post-thumbnail hentry category-rab-2024 tag-retours\">\n\n<div class=\"wp-block-columns alignwide is-layout-flex wp-container-core-columns-is-layout-cc5f43ef wp-block-columns-is-layout-flex\" style=\"border-style:none;border-width:0px;padding-top:0;padding-bottom:0\">\n<div class=\"wp-block-column is-layout-flow wp-block-column-is-layout-flow\" style=\"flex-basis:56.05%\"><figure style=\"aspect-ratio:1;\" class=\"wp-block-post-featured-image\"><a href=\"https:\/\/la-rab.net\/index.php\/2024\/02\/01\/la-ressource-bois\/\" target=\"_self\"  ><img loading=\"lazy\" decoding=\"async\" width=\"640\" height=\"427\" src=\"https:\/\/la-rab.net\/wp-content\/uploads\/2024\/02\/trees-8173531_640.jpg\" class=\"attachment-post-thumbnail size-post-thumbnail wp-post-image\" alt=\"La ressource bois\" style=\"width:100%;height:100%;object-fit:cover;\" srcset=\"https:\/\/la-rab.net\/wp-content\/uploads\/2024\/02\/trees-8173531_640.jpg 640w, https:\/\/la-rab.net\/wp-content\/uploads\/2024\/02\/trees-8173531_640-300x200.jpg 300w\" sizes=\"auto, (max-width: 640px) 100vw, 640px\" \/><\/a><\/figure><\/div>\n\n\n\n<div class=\"wp-block-column is-layout-flow wp-block-column-is-layout-flow\" style=\"flex-basis:43.95%\"><h2 class=\"wp-block-post-title has-large-font-size\"><a href=\"https:\/\/la-rab.net\/index.php\/2024\/02\/01\/la-ressource-bois\/\" target=\"_self\" >La ressource bois<\/a><\/h2>\n\n<div class=\"wp-block-post-excerpt\"><p class=\"wp-block-post-excerpt__excerpt\">24\/01\/24 \u00e0 9h30 \u00e0 l&rsquo;Impasse du mage \u00e0 la for\u00eat Auvray Qu&rsquo;on-t-il fait en 2025 qui fait qu&rsquo;on a \u00e9vit\u00e9 le pire, aujourd&rsquo;hui en 2050 ? Nous avons de s\u00e9rieux probl\u00e8mes avec la ressource\u2026<\/p><p class=\"wp-block-post-excerpt__more-text\"><a class=\"wp-block-post-excerpt__more-link\" href=\"https:\/\/la-rab.net\/index.php\/2024\/02\/01\/la-ressource-bois\/\">Lire la suite<\/a><\/p><\/div><\/div>\n<\/div>\n\n<\/li><li class=\"wp-block-post post-297 post type-post status-publish format-standard has-post-thumbnail hentry category-rab-2024 tag-presse\">\n\n<div class=\"wp-block-columns alignwide is-layout-flex wp-container-core-columns-is-layout-cc5f43ef wp-block-columns-is-layout-flex\" style=\"border-style:none;border-width:0px;padding-top:0;padding-bottom:0\">\n<div class=\"wp-block-column is-layout-flow wp-block-column-is-layout-flow\" style=\"flex-basis:56.05%\"><figure style=\"aspect-ratio:1;\" class=\"wp-block-post-featured-image\"><a href=\"https:\/\/la-rab.net\/index.php\/2024\/01\/31\/imaginer-des-futurs-souhaitables-la-republique-autonome-du-bocage-organise-de-nouvelles-rencontres\/\" target=\"_self\"  ><img loading=\"lazy\" decoding=\"async\" width=\"654\" height=\"365\" src=\"https:\/\/la-rab.net\/wp-content\/uploads\/2024\/01\/Capture-decran-du-2024-02-01-11-28-21.png\" class=\"attachment-post-thumbnail size-post-thumbnail wp-post-image\" alt=\"\u00ab\u00a0Imaginer des futurs souhaitables\u00a0\u00bb\u00a0: La R\u00e9publique autonome du Bocage organise de nouvelles rencontres\" style=\"width:100%;height:100%;object-fit:cover;\" srcset=\"https:\/\/la-rab.net\/wp-content\/uploads\/2024\/01\/Capture-decran-du-2024-02-01-11-28-21.png 654w, https:\/\/la-rab.net\/wp-content\/uploads\/2024\/01\/Capture-decran-du-2024-02-01-11-28-21-300x167.png 300w\" sizes=\"auto, (max-width: 654px) 100vw, 654px\" \/><\/a><\/figure><\/div>\n\n\n\n<div class=\"wp-block-column is-layout-flow wp-block-column-is-layout-flow\" style=\"flex-basis:43.95%\"><h2 class=\"wp-block-post-title has-large-font-size\"><a href=\"https:\/\/la-rab.net\/index.php\/2024\/01\/31\/imaginer-des-futurs-souhaitables-la-republique-autonome-du-bocage-organise-de-nouvelles-rencontres\/\" target=\"_self\" >\u00ab\u00a0Imaginer des futurs souhaitables\u00a0\u00bb\u00a0: La R\u00e9publique autonome du Bocage organise de nouvelles rencontres<\/a><\/h2>\n\n<div class=\"wp-block-post-excerpt\"><p class=\"wp-block-post-excerpt__excerpt\">Ouest-France Publi\u00e9 le 22\/01\/2024 \u00e0 14h36 Pour la troisi\u00e8me ann\u00e9e, La R\u00e9publique autonome du Bocage revient \u00e0 partir de ce lundi 22 janvier 2024, avec ses rencontres de science-fiction \u00e0 El Capitan aux Tourailles,\u2026<\/p><p class=\"wp-block-post-excerpt__more-text\"><a class=\"wp-block-post-excerpt__more-link\" href=\"https:\/\/la-rab.net\/index.php\/2024\/01\/31\/imaginer-des-futurs-souhaitables-la-republique-autonome-du-bocage-organise-de-nouvelles-rencontres\/\">Lire la suite<\/a><\/p><\/div><\/div>\n<\/div>\n\n<\/li><\/ul><\/div>\n\n\n\n<h3 class=\"wp-block-heading\">L&rsquo;arriv\u00e9e du Charabion<\/h3>\n\n\n\n<p>Si le pr\u00e9sent site web documente comment les rencontres ont \u00e9t\u00e9 organis\u00e9es, le Charabions est un petit journal mensuel qui en distille les id\u00e9es, aventures, anecdotes et \u00e9garements \u00e0 travers un contenu \u00e9ditorialis\u00e9. Vous ne le trouverez pas en ligne, il n&rsquo;existe qu&rsquo;en format papier et en \u00e9dition limit\u00e9. Si vous souhaitez mettre la main sur un exemplaire, il faudra venir se faire des copains par chez nous. <\/p>\n\n\n\n<div class=\"wp-block-columns is-layout-flex wp-container-core-columns-is-layout-28f84493 wp-block-columns-is-layout-flex\">\n<div class=\"wp-block-column is-layout-flow wp-block-column-is-layout-flow\" style=\"flex-basis:100%\">\n<div class=\"wp-block-group has-global-padding is-layout-constrained wp-block-group-is-layout-constrained\">\n<div class=\"wp-block-columns is-layout-flex wp-container-core-columns-is-layout-28f84493 wp-block-columns-is-layout-flex\">\n<div class=\"wp-block-column is-layout-flow wp-block-column-is-layout-flow\" style=\"flex-basis:100%\">\n<figure class=\"wp-block-image aligncenter size-full\"><img loading=\"lazy\" decoding=\"async\" width=\"1152\" height=\"2048\" src=\"https:\/\/la-rab.net\/wp-content\/uploads\/2023\/12\/charabions.jpeg\" alt=\"\" class=\"wp-image-202\" srcset=\"https:\/\/la-rab.net\/wp-content\/uploads\/2023\/12\/charabions.jpeg 1152w, https:\/\/la-rab.net\/wp-content\/uploads\/2023\/12\/charabions-169x300.jpeg 169w, https:\/\/la-rab.net\/wp-content\/uploads\/2023\/12\/charabions-576x1024.jpeg 576w, https:\/\/la-rab.net\/wp-content\/uploads\/2023\/12\/charabions-768x1365.jpeg 768w, https:\/\/la-rab.net\/wp-content\/uploads\/2023\/12\/charabions-864x1536.jpeg 864w\" sizes=\"auto, (max-width: 1152px) 100vw, 1152px\" \/><figcaption class=\"wp-element-caption\">Une de la premi\u00e8re \u00e9dition du Charabion en Octobre 2023<\/figcaption><\/figure>\n<\/div>\n<\/div>\n<\/div>\n<\/div>\n<\/div>\n\n\n\n<h3 class=\"wp-block-heading\">On recherche&#8230;<\/h3>\n\n\n\n<ul class=\"wp-block-list\">\n<li>Quelqu&rsquo;un qui sait faire de la belle captation de son<\/li>\n\n\n\n<li>Des grosses marmites et de quoi faire un foyer pour les accueillir<\/li>\n<\/ul>\n","protected":false},"excerpt":{"rendered":"<p>Le programme du 22 au 28 Janvier 2024 Programme en version imprimable Notez que ce programme n&rsquo;est pas exhaustif. Des ateliers peuvent avoir lieu de fa\u00e7on priv\u00e9e. \ud83c\udf7c Chers parents, si vous avez besoin d&rsquo;un coup de main pour de la garde d&rsquo;enfant pour pouvoir participer n&rsquo;h\u00e9sitez pas \u00e0 nous contacter ! On essayera de [&hellip;]<\/p>\n","protected":false},"author":1,"featured_media":0,"parent":0,"menu_order":0,"comment_status":"closed","ping_status":"closed","template":"","meta":{"footnotes":""},"class_list":["post-177","page","type-page","status-publish","hentry"],"_links":{"self":[{"href":"https:\/\/la-rab.net\/index.php\/wp-json\/wp\/v2\/pages\/177","targetHints":{"allow":["GET"]}}],"collection":[{"href":"https:\/\/la-rab.net\/index.php\/wp-json\/wp\/v2\/pages"}],"about":[{"href":"https:\/\/la-rab.net\/index.php\/wp-json\/wp\/v2\/types\/page"}],"author":[{"embeddable":true,"href":"https:\/\/la-rab.net\/index.php\/wp-json\/wp\/v2\/users\/1"}],"replies":[{"embeddable":true,"href":"https:\/\/la-rab.net\/index.php\/wp-json\/wp\/v2\/comments?post=177"}],"version-history":[{"count":38,"href":"https:\/\/la-rab.net\/index.php\/wp-json\/wp\/v2\/pages\/177\/revisions"}],"predecessor-version":[{"id":346,"href":"https:\/\/la-rab.net\/index.php\/wp-json\/wp\/v2\/pages\/177\/revisions\/346"}],"wp:attachment":[{"href":"https:\/\/la-rab.net\/index.php\/wp-json\/wp\/v2\/media?parent=177"}],"curies":[{"name":"wp","href":"https:\/\/api.w.org\/{rel}","templated":true}]}}